{"id":1459,"date":"2024-05-23T13:41:47","date_gmt":"2024-05-23T13:41:47","guid":{"rendered":"https:\/\/staging.studiommooy.com\/a-propos\/"},"modified":"2024-11-17T15:46:31","modified_gmt":"2024-11-17T15:46:31","slug":"a-propos","status":"publish","type":"page","link":"https:\/\/ecdeschepper.com\/fr\/a-propos\/","title":{"rendered":"\u00c0 PROPOS"},"content":{"rendered":"<p>[et_pb_section fb_built=\u00a0\u00bb1&Prime; _builder_version=\u00a0\u00bb4.24.2&Prime; _module_preset=\u00a0\u00bbdefault\u00a0\u00bb background_color=\u00a0\u00bb#faf8f2&Prime; global_colors_info=\u00a0\u00bb{}\u00a0\u00bb][et_pb_row column_structure=\u00a0\u00bb1_2,1_2&Prime; _builder_version=\u00a0\u00bb4.24.2&Prime; _module_preset=\u00a0\u00bbdefault\u00a0\u00bb global_colors_info=\u00a0\u00bb{}\u00a0\u00bb][et_pb_column type=\u00a0\u00bb1_2&Prime; _builder_version=\u00a0\u00bb4.24.2&Prime; _module_preset=\u00a0\u00bbdefault\u00a0\u00bb global_colors_info=\u00a0\u00bb{}\u00a0\u00bb][et_pb_text _builder_version=\u00a0\u00bb4.24.2&Prime; _module_preset=\u00a0\u00bbdefault\u00a0\u00bb text_font=\u00a0\u00bbAboreto||||||||\u00a0\u00bb text_text_color=\u00a0\u00bb#000000&Prime; text_font_size=\u00a0\u00bb50px\u00a0\u00bb text_letter_spacing=\u00a0\u00bb3px\u00a0\u00bb text_orientation=\u00a0\u00bbcenter\u00a0\u00bb min_height=\u00a0\u00bb36.8px\u00a0\u00bb text_font_size_tablet=\u00a0\u00bb50px\u00a0\u00bb text_font_size_phone=\u00a0\u00bb35px\u00a0\u00bb text_font_size_last_edited=\u00a0\u00bbon|phone\u00a0\u00bb locked=\u00a0\u00bboff\u00a0\u00bb global_colors_info=\u00a0\u00bb{}\u00a0\u00bb]<\/p>\n<p style=\"text-align: left;\">A propos de nous<\/p>\n<p>[\/et_pb_text][et_pb_text _builder_version=\u00a0\u00bb4.24.2&Prime; _module_preset=\u00a0\u00bbdefault\u00a0\u00bb text_font=\u00a0\u00bbAboreto||||||||\u00a0\u00bb text_text_color=\u00a0\u00bbrgba(209,209,209,0.29)\u00a0\u00bb text_font_size=\u00a0\u00bb38px\u00a0\u00bb text_letter_spacing=\u00a0\u00bb37px\u00a0\u00bb z_index=\u00a0\u00bb-153&Prime; custom_margin=\u00a0\u00bb-33px||||false|false\u00a0\u00bb text_font_size_tablet=\u00a0\u00bb35px\u00a0\u00bb text_font_size_phone=\u00a0\u00bb25px\u00a0\u00bb text_font_size_last_edited=\u00a0\u00bbon|phone\u00a0\u00bb text_letter_spacing_tablet=\u00a0\u00bb37px\u00a0\u00bb text_letter_spacing_phone=\u00a0\u00bb17px\u00a0\u00bb text_letter_spacing_last_edited=\u00a0\u00bbon|phone\u00a0\u00bb locked=\u00a0\u00bboff\u00a0\u00bb global_colors_info=\u00a0\u00bb{}\u00a0\u00bb]<\/p>\n<p>ECDS<\/p>\n<p>[\/et_pb_text][et_pb_text _builder_version=\u00a0\u00bb4.24.2&Prime; _module_preset=\u00a0\u00bbdefault\u00a0\u00bb text_font=\u00a0\u00bbManrope||||||||\u00a0\u00bb text_text_color=\u00a0\u00bb#000000&Prime; text_font_size=\u00a0\u00bb16px\u00a0\u00bb text_line_height=\u00a0\u00bb1.9em\u00a0\u00bb locked=\u00a0\u00bboff\u00a0\u00bb global_colors_info=\u00a0\u00bb{}\u00a0\u00bb]<\/p>\n<p>E.C. DE SCHEPPER est une entreprise familiale depuis 1963, d\u00e9j\u00e0 deux g\u00e9n\u00e9rations passionn\u00e9es par les int\u00e9rieurs!<\/p>\n<p>Si vous cherchez une entreprise qui con\u00e7oit et r\u00e9alise votre projet dans des d\u00e9lais serr\u00e9s et des budgets fixes, nous sommes votre partenaire \u00e9tant donn\u00e9 notre sp\u00e9cialisation dans les projets d&rsquo;int\u00e9rieur \u00ab\u00a0cl\u00e9s en main\u00a0\u00bb, de la conception \u00e0 l&rsquo;ex\u00e9cution!<\/p>\n<p>Vous pouvez faire appel \u00e0 nous pour un rafra\u00eechissement ou une r\u00e9novation totale, y compris la d\u00e9molition et les travaux structurels.<\/p>\n<p>Notre \u00e9quipe pluridisciplinaire se compose d&rsquo;architectes d&rsquo;int\u00e9rieur sp\u00e9cialis\u00e9s, de chefs de projet et d&rsquo;une \u00e9quipe de production et de placement de mobilier, r\u00e9partie en deux d\u00e9partements :<strong> <br \/>ECDS STUDIO &amp; ECDS PRODUCTION TEAM<\/strong><\/p>\n<p>[\/et_pb_text][\/et_pb_column][et_pb_column type=\u00a0\u00bb1_2&Prime; _builder_version=\u00a0\u00bb4.24.2&Prime; _module_preset=\u00a0\u00bbdefault\u00a0\u00bb global_colors_info=\u00a0\u00bb{}\u00a0\u00bb][et_pb_image src=\u00a0\u00bbhttp:\/\/ecdeschepper.com\/wp-content\/uploads\/2024\/11\/ECDS-about.jpeg\u00a0\u00bb title_text=\u00a0\u00bbECDS-about\u00a0\u00bb _builder_version=\u00a0\u00bb4.27.3&Prime; _module_preset=\u00a0\u00bbdefault\u00a0\u00bb hover_enabled=\u00a0\u00bb0&Prime; global_colors_info=\u00a0\u00bb{}\u00a0\u00bb sticky_enabled=\u00a0\u00bb0&Prime;][\/et_pb_image][\/et_pb_column][\/et_pb_row][\/et_pb_section][et_pb_section fb_built=\u00a0\u00bb1&Prime; _builder_version=\u00a0\u00bb4.24.2&Prime; _module_preset=\u00a0\u00bbdefault\u00a0\u00bb background_color=\u00a0\u00bb#241d24&Prime; custom_padding=\u00a0\u00bb93px||20px|||\u00a0\u00bb global_colors_info=\u00a0\u00bb{}\u00a0\u00bb][et_pb_row _builder_version=\u00a0\u00bb4.24.2&Prime; _module_preset=\u00a0\u00bbdefault\u00a0\u00bb global_colors_info=\u00a0\u00bb{}\u00a0\u00bb][et_pb_column type=\u00a0\u00bb4_4&Prime; _builder_version=\u00a0\u00bb4.24.2&Prime; _module_preset=\u00a0\u00bbdefault\u00a0\u00bb global_colors_info=\u00a0\u00bb{}\u00a0\u00bb][et_pb_text _builder_version=\u00a0\u00bb4.24.2&Prime; _module_preset=\u00a0\u00bbdefault\u00a0\u00bb text_font=\u00a0\u00bbAboreto||||||||\u00a0\u00bb text_text_color=\u00a0\u00bb#FFFFFF\u00a0\u00bb text_font_size=\u00a0\u00bb50px\u00a0\u00bb text_letter_spacing=\u00a0\u00bb3px\u00a0\u00bb text_orientation=\u00a0\u00bbcenter\u00a0\u00bb min_height=\u00a0\u00bb36.8px\u00a0\u00bb text_font_size_tablet=\u00a0\u00bb40px\u00a0\u00bb text_font_size_phone=\u00a0\u00bb30px\u00a0\u00bb text_font_size_last_edited=\u00a0\u00bbon|phone\u00a0\u00bb global_colors_info=\u00a0\u00bb{}\u00a0\u00bb]<\/p>\n<p>ECDS DESIGN STUDIO<\/p>\n<p>[\/et_pb_text][et_pb_text _builder_version=\u00a0\u00bb4.24.2&Prime; _module_preset=\u00a0\u00bbdefault\u00a0\u00bb text_font=\u00a0\u00bbAboreto||||||||\u00a0\u00bb text_text_color=\u00a0\u00bbrgba(209,209,209,0.29)\u00a0\u00bb text_font_size=\u00a0\u00bb50px\u00a0\u00bb text_letter_spacing=\u00a0\u00bb37px\u00a0\u00bb z_index=\u00a0\u00bb-153&Prime; text_orientation=\u00a0\u00bbcenter\u00a0\u00bb custom_margin=\u00a0\u00bb-33px||||false|false\u00a0\u00bb text_font_size_tablet=\u00a0\u00bb35px\u00a0\u00bb text_font_size_phone=\u00a0\u00bb25px\u00a0\u00bb text_font_size_last_edited=\u00a0\u00bbon|phone\u00a0\u00bb text_letter_spacing_tablet=\u00a0\u00bb37px\u00a0\u00bb text_letter_spacing_phone=\u00a0\u00bb17px\u00a0\u00bb text_letter_spacing_last_edited=\u00a0\u00bbon|phone\u00a0\u00bb global_colors_info=\u00a0\u00bb{}\u00a0\u00bb]<\/p>\n<p>EXP\u00c9RIENCE<\/p>\n<p>[\/et_pb_text][\/et_pb_column][\/et_pb_row][et_pb_row _builder_version=\u00a0\u00bb4.24.2&Prime; _module_preset=\u00a0\u00bbdefault\u00a0\u00bb width=\u00a0\u00bb55%\u00a0\u00bb width_tablet=\u00a0\u00bb80%\u00a0\u00bb width_phone=\u00a0\u00bb80%\u00a0\u00bb width_last_edited=\u00a0\u00bbon|phone\u00a0\u00bb global_colors_info=\u00a0\u00bb{}\u00a0\u00bb][et_pb_column type=\u00a0\u00bb4_4&Prime; _builder_version=\u00a0\u00bb4.24.2&Prime; _module_preset=\u00a0\u00bbdefault\u00a0\u00bb global_colors_info=\u00a0\u00bb{}\u00a0\u00bb][et_pb_text _builder_version=\u00a0\u00bb4.24.2&Prime; _module_preset=\u00a0\u00bbdefault\u00a0\u00bb text_font=\u00a0\u00bbManrope||||||||\u00a0\u00bb text_text_color=\u00a0\u00bb#FFFFFF\u00a0\u00bb text_font_size=\u00a0\u00bb16px\u00a0\u00bb text_line_height=\u00a0\u00bb1.9em\u00a0\u00bb text_orientation=\u00a0\u00bbcenter\u00a0\u00bb global_colors_info=\u00a0\u00bb{}\u00a0\u00bb]Depuis notre studio de design situ\u00e9 au centre de Malines, avec une \u00e9quipe fixe nous d\u00e9veloppons des concepts et des strat\u00e9gies d&rsquo;int\u00e9rieur, personnalis\u00e9e pour chaque projet.<\/p>\n<p>Notre d\u00e9partement de design se compose exclusivement d&rsquo;architectes d&rsquo;int\u00e9rieur qualifi\u00e9s, tous avec la m\u00eame passion pour le design et les visions innovantes.<\/p>\n<p>Notre amour pour le minimalisme et l&rsquo;esth\u00e9tique intemporelle est donc clairement visible dans nos cr\u00e9ations!<\/p>\n<p>\u00c0 partir de votre ADN, nous vous proposons des solutions compl\u00e8tes pour votre int\u00e9rieur, y compris la conception de la fa\u00e7ade si vous le souhaitez.<\/p>\n<p>Sur cette base, nous d\u00e9veloppons une strat\u00e9gie conceptuelle dont le r\u00e9sultat final est la cr\u00e9ation d&rsquo;un monde exp\u00e9rientiel unique, main dans la main avec vos canaux en ligne!<\/p>\n<p>Vous pouvez compter sur des accords fixes en mati\u00e8re de budget et de planification, qui sont respect\u00e9s compte tenu de nos ann\u00e9es d&rsquo;expertise![\/et_pb_text][et_pb_button button_url=\u00a0\u00bb@ET-DC@eyJkeW5hbWljIjp0cnVlLCJjb250ZW50IjoicG9zdF9saW5rX3VybF9wYWdlIiwic2V0dGluZ3MiOnsicG9zdF9pZCI6IjY5In19@\u00a0\u00bb button_text=\u00a0\u00bbPRENDRE CONTACT\u00a0\u00bb button_alignment=\u00a0\u00bbcenter\u00a0\u00bb _builder_version=\u00a0\u00bb4.24.2&Prime; _dynamic_attributes=\u00a0\u00bbbutton_url\u00a0\u00bb _module_preset=\u00a0\u00bbdefault\u00a0\u00bb custom_button=\u00a0\u00bbon\u00a0\u00bb button_text_size=\u00a0\u00bb13px\u00a0\u00bb button_text_color=\u00a0\u00bb#000000&Prime; button_bg_color=\u00a0\u00bb#FFFFFF\u00a0\u00bb button_letter_spacing=\u00a0\u00bb2px\u00a0\u00bb button_font=\u00a0\u00bb|||on|||||\u00a0\u00bb custom_margin=\u00a0\u00bb40px|||||\u00a0\u00bb custom_padding=\u00a0\u00bb10px|24px|10px|24px|true|true\u00a0\u00bb global_colors_info=\u00a0\u00bb{}\u00a0\u00bb button_text_color__hover=\u00a0\u00bb#FFFFFF\u00a0\u00bb button_text_color__hover_enabled=\u00a0\u00bbon|hover\u00a0\u00bb button_bg_color__hover=\u00a0\u00bb#000000&Prime; button_bg_color__hover_enabled=\u00a0\u00bbon|hover\u00a0\u00bb button_border_color__hover=\u00a0\u00bb#000000&Prime; button_border_color__hover_enabled=\u00a0\u00bbon|hover\u00a0\u00bb][\/et_pb_button][\/et_pb_column][\/et_pb_row][\/et_pb_section][et_pb_section fb_built=\u00a0\u00bb1&Prime; _builder_version=\u00a0\u00bb4.24.2&Prime; _module_preset=\u00a0\u00bbdefault\u00a0\u00bb background_color=\u00a0\u00bb#241d24&Prime; custom_padding=\u00a0\u00bb93px|||||\u00a0\u00bb global_colors_info=\u00a0\u00bb{}\u00a0\u00bb][et_pb_row _builder_version=\u00a0\u00bb4.24.2&Prime; _module_preset=\u00a0\u00bbdefault\u00a0\u00bb width_tablet=\u00a0\u00bb90%\u00a0\u00bb width_phone=\u00a0\u00bb91%\u00a0\u00bb width_last_edited=\u00a0\u00bbon|tablet\u00a0\u00bb global_colors_info=\u00a0\u00bb{}\u00a0\u00bb][et_pb_column type=\u00a0\u00bb4_4&Prime; _builder_version=\u00a0\u00bb4.24.2&Prime; _module_preset=\u00a0\u00bbdefault\u00a0\u00bb global_colors_info=\u00a0\u00bb{}\u00a0\u00bb][et_pb_text _builder_version=\u00a0\u00bb4.24.2&Prime; _module_preset=\u00a0\u00bbdefault\u00a0\u00bb text_font=\u00a0\u00bbAboreto||||||||\u00a0\u00bb text_text_color=\u00a0\u00bb#FFFFFF\u00a0\u00bb text_font_size=\u00a0\u00bb50px\u00a0\u00bb text_letter_spacing=\u00a0\u00bb3px\u00a0\u00bb text_orientation=\u00a0\u00bbcenter\u00a0\u00bb min_height=\u00a0\u00bb36.8px\u00a0\u00bb text_font_size_tablet=\u00a0\u00bb36px\u00a0\u00bb text_font_size_phone=\u00a0\u00bb29px\u00a0\u00bb text_font_size_last_edited=\u00a0\u00bbon|phone\u00a0\u00bb global_colors_info=\u00a0\u00bb{}\u00a0\u00bb]<\/p>\n<p>L&rsquo;\u00e9quipe de production de l&rsquo;ECDS<\/p>\n<p>[\/et_pb_text][et_pb_text _builder_version=\u00a0\u00bb4.24.2&Prime; _module_preset=\u00a0\u00bbdefault\u00a0\u00bb text_font=\u00a0\u00bbAboreto||||||||\u00a0\u00bb text_text_color=\u00a0\u00bbrgba(209,209,209,0.29)\u00a0\u00bb text_font_size=\u00a0\u00bb50px\u00a0\u00bb text_letter_spacing=\u00a0\u00bb37px\u00a0\u00bb z_index=\u00a0\u00bb-153&Prime; text_orientation=\u00a0\u00bbcenter\u00a0\u00bb custom_margin=\u00a0\u00bb-33px||||false|false\u00a0\u00bb text_font_size_tablet=\u00a0\u00bb36px\u00a0\u00bb text_font_size_phone=\u00a0\u00bb25px\u00a0\u00bb text_font_size_last_edited=\u00a0\u00bbon|phone\u00a0\u00bb text_letter_spacing_tablet=\u00a0\u00bb37px\u00a0\u00bb text_letter_spacing_phone=\u00a0\u00bb17px\u00a0\u00bb text_letter_spacing_last_edited=\u00a0\u00bbon|phone\u00a0\u00bb global_colors_info=\u00a0\u00bb{}\u00a0\u00bb]<\/p>\n<p>EXP\u00c9RIENCE<\/p>\n<p>[\/et_pb_text][\/et_pb_column][\/et_pb_row][et_pb_row _builder_version=\u00a0\u00bb4.24.2&Prime; _module_preset=\u00a0\u00bbdefault\u00a0\u00bb width=\u00a0\u00bb55%\u00a0\u00bb width_tablet=\u00a0\u00bb80%\u00a0\u00bb width_phone=\u00a0\u00bb80%\u00a0\u00bb width_last_edited=\u00a0\u00bbon|phone\u00a0\u00bb global_colors_info=\u00a0\u00bb{}\u00a0\u00bb][et_pb_column type=\u00a0\u00bb4_4&Prime; _builder_version=\u00a0\u00bb4.24.2&Prime; _module_preset=\u00a0\u00bbdefault\u00a0\u00bb global_colors_info=\u00a0\u00bb{}\u00a0\u00bb][et_pb_text _builder_version=\u00a0\u00bb4.24.2&Prime; _module_preset=\u00a0\u00bbdefault\u00a0\u00bb text_font=\u00a0\u00bbManrope||||||||\u00a0\u00bb text_text_color=\u00a0\u00bb#FFFFFF\u00a0\u00bb text_font_size=\u00a0\u00bb16px\u00a0\u00bb text_line_height=\u00a0\u00bb1.9em\u00a0\u00bb text_orientation=\u00a0\u00bbcenter\u00a0\u00bb global_colors_info=\u00a0\u00bb{}\u00a0\u00bb]<\/p>\n<p>Une r\u00e9alisation r\u00e9ussie ne d\u00e9pend pas uniquement d&rsquo;un design et d&rsquo;un concept puissants, mais aussi d&rsquo;une r\u00e9flexion \u00e9conomique!<\/p>\n<p>Notre processus de production industrielle garantit donc des prix comp\u00e9titifs et des finitions de haute qualit\u00e9.<\/p>\n<p><em><strong>\u00ab\u00a0Unburdening\u00a0\u00bb<\/strong><\/em><\/p>\n<p>Une ex\u00e9cution sans souci pour le client, dans le respect des accords et dans les d\u00e9lais serr\u00e9s, est au moins aussi importante.<\/p>\n<p>Pour pouvoir garantir ce service \u00e9galement, nous avons choisi d\u00e8s le d\u00e9part de cr\u00e9er notre propre d\u00e9partement de production en plus de notre d\u00e9partement de conception.<\/p>\n<p>Notre atelier de production \u00e0 Malines, avec sa propre \u00e9quipe de collaborateurs, comprend plusieurs divisions:<\/p>\n<p>&#8211; fabrication de meubles<br \/>&#8211; traitement du verre<br \/>&#8211; traitement du m\u00e9tal<br \/>&#8211; traitement du cuir<br \/>&#8211; cabine de peinture<br \/>&#8211; studio d&rsquo;\u00e9clairage<br \/>&#8211; service d&rsquo;installation<br \/>&#8211; service apr\u00e8s-vente<\/p>\n<p>Avec nos projets \u00ab cl\u00e9 en main \u00bb, nous livrons et coordonnons dans des d\u00e9lais et des prix fixes,<\/p>\n<p>\u2026\u2026construire sans soucis, avec un seul point de contact!<\/p>\n<p>Vous \u00eates int\u00e9ress\u00e9 par un rafra\u00eechissement ou une r\u00e9novation totale? Contactez-nous pour une s\u00e9ance de brainstorming sans engagement!<\/p>\n<p>[\/et_pb_text][et_pb_button button_url=\u00a0\u00bb@ET-DC@eyJkeW5hbWljIjp0cnVlLCJjb250ZW50IjoicG9zdF9saW5rX3VybF9wYWdlIiwic2V0dGluZ3MiOnsicG9zdF9pZCI6IjY5In19@\u00a0\u00bb button_text=\u00a0\u00bbPRENDRE CONTACT\u00a0\u00bb button_alignment=\u00a0\u00bbcenter\u00a0\u00bb _builder_version=\u00a0\u00bb4.24.2&Prime; _dynamic_attributes=\u00a0\u00bbbutton_url\u00a0\u00bb _module_preset=\u00a0\u00bbdefault\u00a0\u00bb custom_button=\u00a0\u00bbon\u00a0\u00bb button_text_size=\u00a0\u00bb13px\u00a0\u00bb button_text_color=\u00a0\u00bb#000000&Prime; button_bg_color=\u00a0\u00bb#FFFFFF\u00a0\u00bb button_letter_spacing=\u00a0\u00bb2px\u00a0\u00bb button_font=\u00a0\u00bb|||on|||||\u00a0\u00bb custom_margin=\u00a0\u00bb40px|||||\u00a0\u00bb custom_padding=\u00a0\u00bb10px|24px|10px|24px|true|true\u00a0\u00bb locked=\u00a0\u00bboff\u00a0\u00bb global_colors_info=\u00a0\u00bb{}\u00a0\u00bb button_text_color__hover=\u00a0\u00bb#FFFFFF\u00a0\u00bb button_text_color__hover_enabled=\u00a0\u00bbon|hover\u00a0\u00bb button_bg_color__hover=\u00a0\u00bb#000000&Prime; button_bg_color__hover_enabled=\u00a0\u00bbon|hover\u00a0\u00bb button_border_color__hover=\u00a0\u00bb#000000&Prime; button_border_color__hover_enabled=\u00a0\u00bbon|hover\u00a0\u00bb][\/et_pb_button][\/et_pb_column][\/et_pb_row][\/et_pb_section]<\/p>\n","protected":false},"excerpt":{"rendered":"<p>A propos de nousECDSE.C. DE SCHEPPER est une entreprise familiale depuis 1963, d\u00e9j\u00e0 deux g\u00e9n\u00e9rations passionn\u00e9es par les int\u00e9rieurs! Si vous cherchez une entreprise qui con\u00e7oit et r\u00e9alise votre projet dans des d\u00e9lais serr\u00e9s et des budgets fixes, nous sommes votre partenaire \u00e9tant donn\u00e9 notre sp\u00e9cialisation dans les projets d&rsquo;int\u00e9rieur \u00ab\u00a0cl\u00e9s en main\u00a0\u00bb, de la conception \u00e0 l&rsquo;ex\u00e9cution! Vous pouvez faire appel \u00e0 nous pour un rafra\u00eechissement ou une r\u00e9novation totale, y compris la d\u00e9molition et les travaux structurels. Notre \u00e9quipe pluridisciplinaire se compose d&rsquo;architectes d&rsquo;int\u00e9rieur sp\u00e9cialis\u00e9s, de chefs de projet et d&rsquo;une \u00e9quipe de production et de placement de mobilier, r\u00e9partie en deux d\u00e9partements : ECDS STUDIO &amp; ECDS PRODUCTION TEAMECDS DESIGN STUDIOEXP\u00c9RIENCEDepuis notre studio de design situ\u00e9 au centre de Malines, avec une \u00e9quipe fixe nous d\u00e9veloppons des concepts et des strat\u00e9gies d&rsquo;int\u00e9rieur, personnalis\u00e9e pour chaque projet.Notre d\u00e9partement de design se compose exclusivement d&rsquo;architectes d&rsquo;int\u00e9rieur qualifi\u00e9s, tous avec la m\u00eame passion pour le design et les visions innovantes.Notre amour pour le minimalisme et l&rsquo;esth\u00e9tique intemporelle est donc clairement visible dans nos cr\u00e9ations!\u00c0 partir de votre ADN, nous vous proposons des solutions compl\u00e8tes pour votre int\u00e9rieur, y compris la conception de la fa\u00e7ade si vous le souhaitez.Sur cette base, [&hellip;]<\/p>\n","protected":false},"author":1,"featured_media":0,"parent":0,"menu_order":0,"comment_status":"closed","ping_status":"closed","template":"","meta":{"_et_pb_use_builder":"on","_et_pb_old_content":"","_et_gb_content_width":"","footnotes":""},"class_list":["post-1459","page","type-page","status-publish","hentry"],"_links":{"self":[{"href":"https:\/\/ecdeschepper.com\/fr\/wp-json\/wp\/v2\/pages\/1459","targetHints":{"allow":["GET"]}}],"collection":[{"href":"https:\/\/ecdeschepper.com\/fr\/wp-json\/wp\/v2\/pages"}],"about":[{"href":"https:\/\/ecdeschepper.com\/fr\/wp-json\/wp\/v2\/types\/page"}],"author":[{"embeddable":true,"href":"https:\/\/ecdeschepper.com\/fr\/wp-json\/wp\/v2\/users\/1"}],"replies":[{"embeddable":true,"href":"https:\/\/ecdeschepper.com\/fr\/wp-json\/wp\/v2\/comments?post=1459"}],"version-history":[{"count":5,"href":"https:\/\/ecdeschepper.com\/fr\/wp-json\/wp\/v2\/pages\/1459\/revisions"}],"predecessor-version":[{"id":2074,"href":"https:\/\/ecdeschepper.com\/fr\/wp-json\/wp\/v2\/pages\/1459\/revisions\/2074"}],"wp:attachment":[{"href":"https:\/\/ecdeschepper.com\/fr\/wp-json\/wp\/v2\/media?parent=1459"}],"curies":[{"name":"wp","href":"https:\/\/api.w.org\/{rel}","templated":true}]}}